{"id":16062,"date":"2016-03-16T19:50:28","date_gmt":"2016-03-16T19:50:28","guid":{"rendered":"https:\/\/www.interimmoagency.com\/contact\/"},"modified":"2026-01-29T20:06:35","modified_gmt":"2026-01-29T20:06:35","slug":"contact","status":"publish","type":"page","link":"https:\/\/www.interimmoagency.com\/nl\/contact\/","title":{"rendered":"Contact"},"content":{"rendered":"\t\t<div data-elementor-type=\"wp-post\" data-elementor-id=\"16062\" class=\"elementor elementor-16062 elementor-1100\">\n\t\t\t\t\t\t<section class=\"elementor-section elementor-top-section elementor-element elementor-element-73713da elementor-section-boxed elementor-section-height-default elementor-section-height-default\" data-id=\"73713da\" data-element_type=\"section\" data-e-type=\"section\">\n\t\t\t\t\t\t<div class=\"elementor-container elementor-column-gap-default\">\n\t\t\t\t\t<div class=\"elementor-column elementor-col-100 elementor-top-column elementor-element elementor-element-e64d31f\" data-id=\"e64d31f\" data-element_type=\"column\" data-e-type=\"column\">\n\t\t\t<div class=\"elementor-widget-wrap elementor-element-populated\">\n\t\t\t\t\t\t<div class=\"elementor-element elementor-element-29070d7 elementor-widget elementor-widget-houzez_elementor_space\" data-id=\"29070d7\" data-element_type=\"widget\" data-e-type=\"widget\" data-widget_type=\"houzez_elementor_space.default\">\n\t\t\t\t<div class=\"elementor-widget-container\">\n\t\t\t\t\t        <div class=\"houzez-spacer\">\n            <div class=\"houzez-spacer-inner\"><\/div>\n        <\/div>\n        \t\t\t\t<\/div>\n\t\t\t\t<\/div>\n\t\t\t\t<div class=\"elementor-element elementor-element-a6c488d elementor-widget elementor-widget-heading\" data-id=\"a6c488d\" data-element_type=\"widget\" data-e-type=\"widget\" data-widget_type=\"heading.default\">\n\t\t\t\t\t<h1 class=\"elementor-heading-title elementor-size-xl\">Neem contact met ons op<\/h1>\t\t\t\t<\/div>\n\t\t\t\t<div class=\"elementor-element elementor-element-695193c elementor-widget elementor-widget-heading\" data-id=\"695193c\" data-element_type=\"widget\" data-e-type=\"widget\" data-widget_type=\"heading.default\">\n\t\t\t\t\t<p class=\"elementor-heading-title elementor-size-medium\">Heeft u een vraag over een van onze producten of diensten? Wilt u dat wij contact met u opnemen? <\/p>\t\t\t\t<\/div>\n\t\t\t\t<div class=\"elementor-element elementor-element-60e83f5 elementor-widget elementor-widget-houzez_elementor_space\" data-id=\"60e83f5\" data-element_type=\"widget\" data-e-type=\"widget\" data-widget_type=\"houzez_elementor_space.default\">\n\t\t\t\t<div class=\"elementor-widget-container\">\n\t\t\t\t\t        <div class=\"houzez-spacer\">\n            <div class=\"houzez-spacer-inner\"><\/div>\n        <\/div>\n        \t\t\t\t<\/div>\n\t\t\t\t<\/div>\n\t\t\t\t\t<\/div>\n\t\t<\/div>\n\t\t\t\t\t<\/div>\n\t\t<\/section>\n\t\t\t\t<section class=\"elementor-section elementor-top-section elementor-element elementor-element-6d834ca0 elementor-section-boxed elementor-section-height-default elementor-section-height-default elementor-invisible\" data-id=\"6d834ca0\" data-element_type=\"section\" data-e-type=\"section\" data-settings=\"{&quot;background_background&quot;:&quot;classic&quot;,&quot;animation&quot;:&quot;fadeIn&quot;}\">\n\t\t\t\t\t\t<div class=\"elementor-container elementor-column-gap-default\">\n\t\t\t\t\t<div class=\"elementor-column elementor-col-66 elementor-top-column elementor-element elementor-element-3987d9c8\" data-id=\"3987d9c8\" data-element_type=\"column\" data-e-type=\"column\">\n\t\t\t<div class=\"elementor-widget-wrap elementor-element-populated\">\n\t\t\t\t\t\t<div class=\"elementor-element elementor-element-442734c elementor-widget elementor-widget-heading\" data-id=\"442734c\" data-element_type=\"widget\" data-e-type=\"widget\" data-widget_type=\"heading.default\">\n\t\t\t\t\t<h2 class=\"elementor-heading-title elementor-size-default\">Vul dit formulier in, een van onze medewerkers neemt contact met u op.<\/h2>\t\t\t\t<\/div>\n\t\t\t\t<div class=\"elementor-element elementor-element-258569e elementor-button-align-stretch elementor-widget elementor-widget-houzez_elementor_contact_form\" data-id=\"258569e\" data-element_type=\"widget\" data-e-type=\"widget\" data-widget_type=\"houzez_elementor_contact_form.default\">\n\t\t\t\t<div class=\"elementor-widget-container\">\n\t\t\t\t\t\n        <script type=\"application\/javascript\">\n            jQuery(document).bind(\"ready\", function () {\n                houzezValidateElementor(\"#houzez-form-258569e\" );\n            });\n        <\/script>\n\n        <form class=\"elementor-form houzez-ele-form-js\" id=\"houzez-form-258569e\" method=\"post\" name=\"Contactformulier\" action=\"https:\/\/www.interimmoagency.com\/wp-admin\/admin-ajax.php\">\n            <input type=\"hidden\" name=\"form_id\" value=\"258569e\"\/>\n            <input type=\"hidden\" name=\"houzez_contact_form\" value=\"yes\"\/>\n            <input type=\"hidden\" name=\"action\" value=\"houzez_ele_contact_form\" \/>\n            <input type=\"hidden\" name=\"source_link\" value=\"https:\/\/www.interimmoagency.com\/nl\/contact\/\" \/>\n            <input type=\"hidden\" name=\"lead_page_id\" value=\"16062\" \/>\n            <input type=\"hidden\" name=\"webhook\" value=\"false\" \/>\n            <input type=\"hidden\" name=\"webhook_url\" value=\"\" \/>\n            <input type=\"hidden\" name=\"redirect_to\" value=\"\" \/>\n            <input type=\"hidden\" name=\"google_recaptcha\" value=\"false\" \/>\n            \n\n            <div class=\"elementor-form-fields-wrapper elementor-labels-above\">\n\n                                    <div class=\"elementor-field-group elementor-column form-group elementor-field-group-name elementor-col-50 elementor-field-required elementor-mark-required\">\n                    <label for=\"form-field-name\" class=\"form-label elementor-field-label\">Voornaam<\/label><input type=\"text\" name=\"first_name\" id=\"form-field-name\" class=\"elementor-field form-control elementor-size-sm elementor-field-textual\" title=\"* Voornaam\" required=\"required\">                    <\/div>\n\n                                        <div class=\"elementor-field-group elementor-column form-group elementor-field-group-e30da64 elementor-col-50 elementor-field-required elementor-mark-required\">\n                    <label for=\"form-field-e30da64\" class=\"form-label elementor-field-label\">Naam<\/label><input type=\"text\" name=\"last_name\" id=\"form-field-e30da64\" class=\"elementor-field form-control elementor-size-sm elementor-field-textual\" title=\"* Naam\" required=\"required\">                    <\/div>\n\n                                        <div class=\"elementor-field-group elementor-column form-group elementor-field-group-email elementor-col-50 elementor-field-required elementor-mark-required\">\n                    <label for=\"form-field-email\" class=\"form-label elementor-field-label\">Telefoon<\/label><input type=\"text\" name=\"mobile\" id=\"form-field-email\" class=\"elementor-field form-control elementor-size-sm elementor-field-textual\" title=\"* Telefoon\" required=\"required\">                    <\/div>\n\n                                        <div class=\"elementor-field-group elementor-column form-group elementor-field-group-d0ed9b9 elementor-col-50 elementor-field-required elementor-mark-required\">\n                    <label for=\"form-field-d0ed9b9\" class=\"form-label elementor-field-label\">Email<\/label><input type=\"email\" name=\"email\" id=\"form-field-d0ed9b9\" class=\"elementor-field form-control elementor-size-sm elementor-field-textual\" title=\"* Email\" required=\"required\">                    <\/div>\n\n                                        <div class=\"elementor-field-group elementor-column form-group elementor-field-group-message elementor-col-100\">\n                    <label for=\"form-field-message\" class=\"form-label elementor-field-label\">Uw bericht<\/label><textarea class=\"elementor-field-textual elementor-field elementor-size-sm\" name=\"message\" id=\"form-field-message\" rows=\"4\"><\/textarea>                    <\/div>\n\n                    \n                    \n                    \n                    <div class=\"form-group elementor-field-group elementor-col-100\">\n                        <label class=\"control control--checkbox m-0 \">\n                                                        <input required type=\"checkbox\" name=\"gdpr_agreement\" id=\"gdpr_agreement\" aria-required=\"true\">\n                            <span class=\"control__indicator\"><\/span>\n                                                        <div class=\"gdpr-text-wrap\">\n                            Ik ga akkoord met de verwerking van mijn persoonsgegevens in overeenstemming met de AVG (ons beleid inzake gegevensverwerking kunt u hier raadplegen). In overeenstemming met de wet \u201cInformatique et Libert\u00e9s\u201d (wet op de bescherming van persoonsgegevens) kunt u uw recht op toegang tot uw gegevens uitoefenen en deze laten corrigeren of verwijderen door contact op te nemen met onze entiteit. Wij wijzen u op het bestaan van de Bloctel-lijst voor het weigeren van telefonische verkoop (artikel L223-1 van het Franse wetboek van consumptie), waarop u zich hier kunt inschrijven: www.bloctel.gouv.fr\nWij raden u aan geen gevoelige gegevens in het vrije invoerveld te vermelden.                              <\/div>\n                            \n                        <\/label>\n                    <\/div><!-- form-group -->\n                    \n                    \n                    \n                    <div class=\"elementor-field-group elementor-column elementor-field-type-submit elementor-col-100\">\n                    <button type=\"submit\" class=\"houzez-submit-button houzez-contact-form-js elementor-button elementor-size-sm\">\n                        <i class=\"houzez-loader-js houzez-hidden spinner-border spinner-border-sm\"><\/i>\n                                                    Stuur uw aanvraag                                            <\/button>\n                <\/div>\n            <\/div><!-- End wrapper-->\n            <br\/>\n            <div class=\"ele-form-messages\"><\/div>\n            <div class=\"error-container\"><\/div>\n\n        <\/form>\n\n    \t\t\t\t<\/div>\n\t\t\t\t<\/div>\n\t\t\t\t\t<\/div>\n\t\t<\/div>\n\t\t\t\t<div class=\"elementor-column elementor-col-33 elementor-top-column elementor-element elementor-element-4f150150\" data-id=\"4f150150\" data-element_type=\"column\" data-e-type=\"column\" data-settings=\"{&quot;background_background&quot;:&quot;classic&quot;}\">\n\t\t\t<div class=\"elementor-widget-wrap elementor-element-populated\">\n\t\t\t\t\t\t<div class=\"elementor-element elementor-element-91e4e7d elementor-widget elementor-widget-houzez_site_logo\" data-id=\"91e4e7d\" data-element_type=\"widget\" data-e-type=\"widget\" data-widget_type=\"houzez_site_logo.default\">\n\t\t\t\t<div class=\"elementor-widget-container\">\n\t\t\t\t\t\t\t<div class=\"favethemes-site-logo\">\n\t\t\t\t\t\t\t<a href=\"https:\/\/www.interimmoagency.com\">\n\t\t\t\t\t\t<img decoding=\"async\" class=\"image-logo elementor-animation-\"  src=\"https:\/\/www.interimmoagency.com\/wp-content\/uploads\/2025\/11\/Logo-Immobilier-International-Agency-beige-1.png\" alt=\"L&#039;Immobilier International Agency Logo\"\/>\t\t\t\t\t\t\t<\/a>\n\t\t\t\t\t<\/div>\n\t\t\t\t\t\t<\/div>\n\t\t\t\t<\/div>\n\t\t\t\t<div class=\"elementor-element elementor-element-7aaaab76 elementor-widget elementor-widget-text-editor\" data-id=\"7aaaab76\" data-element_type=\"widget\" data-e-type=\"widget\" data-widget_type=\"text-editor.default\">\n\t\t\t\t\t\t\t\t\t<p><strong><strong style=\"font-family: Montserrat, sans-serif; text-transform: none;\">AGENTSCHAP IN LIMEUIL<\/strong><br><\/strong>Place du Port<br>24510 Limeuil<br><strong><a href=\"mailto:limeuil@interimmoagency.com\">limeuil@interimmoagency.com<\/a><\/strong><br><a class=\"elementor-inline-editing pen\" contenteditable=\"true\" href=\"tel:0553220286\" data-elementor-setting-key=\"title_text\" data-elementor-inline-editing-toolbar=\"none\" data-pen-placeholder=\"\u00c9crivez ici...\"><strong>+33 5 53 22 02 86<\/strong><\/a><\/p><p><strong><strong style=\"font-family: Montserrat, sans-serif; text-transform: none;\">AGENTSCHAP IN C\u00c9NAC ET ST JULIEN<\/strong><br><\/strong>Les 4 routes<br>24250 C\u00e9nac et Saint Julien<br><strong><a href=\"mailto:cenac@interimmoagency.com\">cenac@interimmoagency.com<\/a><\/strong><br><a class=\"elementor-inline-editing pen\" contenteditable=\"true\" href=\"tel:0553281855\" data-elementor-setting-key=\"title_text\" data-elementor-inline-editing-toolbar=\"none\" data-pen-placeholder=\"\u00c9crivez ici...\"><strong>+33 5 53 28 18 55<\/strong><\/a><\/p><p><strong style=\"font-family: Montserrat, sans-serif; text-transform: none;\">SECTOR ST CYPRIEN<br><\/strong>Beheerd door Annette de Vries<br><strong><a href=\"mailto:stcyprien@interimmoagency.com\">stcyprien@interimmoagency.com<\/a><\/strong><br><a class=\"elementor-inline-editing pen\" contenteditable=\"true\" href=\"tel:0553220286\" data-elementor-setting-key=\"title_text\" data-elementor-inline-editing-toolbar=\"none\" data-pen-placeholder=\"\u00c9crivez ici...\"><strong>+33 5 53 22 02 86<\/strong><\/a><\/p><p><strong><strong style=\"font-family: Montserrat, sans-serif; text-transform: none;\">SECTOR MONPAZIER<br><\/strong><\/strong>Beheerd door Xavier Marqu\u00e8ze<br><strong><a href=\"mailto:monpazier@interimmoagency.com\">monpazier@interimmoagency.com<\/a><\/strong><br><a class=\"elementor-inline-editing pen\" contenteditable=\"true\" href=\"tel:0553220286\" data-elementor-setting-key=\"title_text\" data-elementor-inline-editing-toolbar=\"none\" data-pen-placeholder=\"\u00c9crivez ici...\"><strong>+33 5 53 22 02 86<\/strong><\/a><\/p>\t\t\t\t\t\t\t\t<\/div>\n\t\t\t\t\t<\/div>\n\t\t<\/div>\n\t\t\t\t\t<\/div>\n\t\t<\/section>\n\t\t\t\t<section class=\"elementor-section elementor-top-section elementor-element elementor-element-17221519 elementor-section-boxed elementor-section-height-default elementor-section-height-default\" data-id=\"17221519\" data-element_type=\"section\" data-e-type=\"section\">\n\t\t\t\t\t\t<div class=\"elementor-container elementor-column-gap-default\">\n\t\t\t\t\t<div class=\"elementor-column elementor-col-100 elementor-top-column elementor-element elementor-element-75ab0490\" data-id=\"75ab0490\" data-element_type=\"column\" data-e-type=\"column\">\n\t\t\t<div class=\"elementor-widget-wrap elementor-element-populated\">\n\t\t\t\t\t\t<div class=\"elementor-element elementor-element-471b5610 elementor-widget elementor-widget-houzez_elementor_space\" data-id=\"471b5610\" data-element_type=\"widget\" data-e-type=\"widget\" data-widget_type=\"houzez_elementor_space.default\">\n\t\t\t\t<div class=\"elementor-widget-container\">\n\t\t\t\t\t        <div class=\"houzez-spacer\">\n            <div class=\"houzez-spacer-inner\"><\/div>\n        <\/div>\n        \t\t\t\t<\/div>\n\t\t\t\t<\/div>\n\t\t\t\t<div class=\"elementor-element elementor-element-5a09826e elementor-widget elementor-widget-heading\" data-id=\"5a09826e\" data-element_type=\"widget\" data-e-type=\"widget\" data-widget_type=\"heading.default\">\n\t\t\t\t\t<h2 class=\"elementor-heading-title elementor-size-xl\">Maak een afspraak ter plekke!<\/h2>\t\t\t\t<\/div>\n\t\t\t\t<div class=\"elementor-element elementor-element-21c55ecf elementor-widget elementor-widget-heading\" data-id=\"21c55ecf\" data-element_type=\"widget\" data-e-type=\"widget\" data-widget_type=\"heading.default\">\n\t\t\t\t\t<p class=\"elementor-heading-title elementor-size-medium\">Ontmoet ons ter plekke met een van onze agenten: we heten u van harte welkom en delen graag onze liefde voor deze prachtige regio en haar levensstijl met u.<\/p>\t\t\t\t<\/div>\n\t\t\t\t<div class=\"elementor-element elementor-element-0e3d526 elementor-widget elementor-widget-houzez_elementor_space\" data-id=\"0e3d526\" data-element_type=\"widget\" data-e-type=\"widget\" data-widget_type=\"houzez_elementor_space.default\">\n\t\t\t\t<div class=\"elementor-widget-container\">\n\t\t\t\t\t        <div class=\"houzez-spacer\">\n            <div class=\"houzez-spacer-inner\"><\/div>\n        <\/div>\n        \t\t\t\t<\/div>\n\t\t\t\t<\/div>\n\t\t\t\t\t<\/div>\n\t\t<\/div>\n\t\t\t\t\t<\/div>\n\t\t<\/section>\n\t\t<div class=\"elementor-element elementor-element-d2f395d e-flex e-con-boxed e-con e-parent\" data-id=\"d2f395d\" data-element_type=\"container\" data-e-type=\"container\">\n\t\t\t\t\t<div class=\"e-con-inner\">\n\t\t\t\t<div class=\"elementor-element elementor-element-dd18ec2 elementor-widget elementor-widget-shortcode\" data-id=\"dd18ec2\" data-element_type=\"widget\" data-e-type=\"widget\" data-widget_type=\"shortcode.default\">\n\t\t\t\t\t\t\t<div class=\"elementor-shortcode\"><div class=\"leaflet-map WPLeafletMap\" style=\"height:600px; width:100%;\"><\/div><script>\nwindow.WPLeafletMapPlugin = window.WPLeafletMapPlugin || [];\nwindow.WPLeafletMapPlugin.push(function WPLeafletMapShortcode() {\/*<script>*\/\nvar baseUrl = atob('aHR0cHM6Ly90aWxlLm9wZW5zdHJlZXRtYXAub3JnL3t6fS97eH0ve3l9LnBuZw==');\nvar base = (!baseUrl && window.MQ) ?\n    window.MQ.mapLayer() : L.tileLayer(baseUrl,\n        L.Util.extend({}, {\n            detectRetina: 0,\n        },\n        {\"subdomains\":\"abc\",\"noWrap\":false,\"maxZoom\":10}        )\n    );\n    var options = L.Util.extend({}, {\n        layers: [base],\n        attributionControl: false\n    },\n    {\"zoomControl\":true,\"scrollWheelZoom\":false,\"doubleClickZoom\":false,\"fitBounds\":true,\"minZoom\":1,\"maxZoom\":10,\"maxBounds\":null,\"attribution\":\"<a href=\\\"http:\\\/\\\/leafletjs.com\\\" title=\\\"Une biblioth\\u00e8que JS pour des cartes interactives\\\">Leaflet<\\\/a>; \\u00a9 <a href=\\\"http:\\\/\\\/www.openstreetmap.org\\\/copyright\\\">OpenStreetMap<\\\/a> contributeurs\\\/contributrices\"},\n    {});\nwindow.WPLeafletMapPlugin.createMap(options).setView([44.9028539,0.8119769],5);});<\/script>\n\n<script>\nwindow.WPLeafletMapPlugin = window.WPLeafletMapPlugin || [];\nwindow.WPLeafletMapPlugin.push(function WPLeafletMarkerShortcode() {\/*<script>*\/\nvar map = window.WPLeafletMapPlugin.getCurrentMap();\nvar group = window.WPLeafletMapPlugin.getCurrentGroup();\nvar marker_options = window.WPLeafletMapPlugin.getIconOptions({});\nvar marker = L.marker(\n    [44.883652,0.889542],\n    marker_options\n);\nvar is_image = map.is_image_map;\nif (marker_options.draggable) {\n    marker.on('dragend', function () {\n        var latlng = this.getLatLng();\n        var lat = latlng.lat;\n        var lng = latlng.lng;\n        if (is_image) {\n            console.log('leaflet-marker y=' + lat + ' x=' + lng);\n        } else {\n            console.log('leaflet-marker lat=' + lat + ' lng=' + lng);\n        }\n    });\n}\nmarker.addTo( group );\nmarker.bindPopup(window.WPLeafletMapPlugin.unescape('Limeuil'));window.WPLeafletMapPlugin.markers.push( marker );\n        });<\/script>\n<script>\nwindow.WPLeafletMapPlugin = window.WPLeafletMapPlugin || [];\nwindow.WPLeafletMapPlugin.push(function WPLeafletMarkerShortcode() {\/*<script>*\/\nvar map = window.WPLeafletMapPlugin.getCurrentMap();\nvar group = window.WPLeafletMapPlugin.getCurrentGroup();\nvar marker_options = window.WPLeafletMapPlugin.getIconOptions({});\nvar marker = L.marker(\n    [44.6812155,0.8938897],\n    marker_options\n);\nvar is_image = map.is_image_map;\nif (marker_options.draggable) {\n    marker.on('dragend', function () {\n        var latlng = this.getLatLng();\n        var lat = latlng.lat;\n        var lng = latlng.lng;\n        if (is_image) {\n            console.log('leaflet-marker y=' + lat + ' x=' + lng);\n        } else {\n            console.log('leaflet-marker lat=' + lat + ' lng=' + lng);\n        }\n    });\n}\nmarker.addTo( group );\nmarker.bindPopup(window.WPLeafletMapPlugin.unescape('Monpazier'));window.WPLeafletMapPlugin.markers.push( marker );\n        });<\/script>\n<script>\nwindow.WPLeafletMapPlugin = window.WPLeafletMapPlugin || [];\nwindow.WPLeafletMapPlugin.push(function WPLeafletMarkerShortcode() {\/*<script>*\/\nvar map = window.WPLeafletMapPlugin.getCurrentMap();\nvar group = window.WPLeafletMapPlugin.getCurrentGroup();\nvar marker_options = window.WPLeafletMapPlugin.getIconOptions({});\nvar marker = L.marker(\n    [44.869731903076,1.0456390380859],\n    marker_options\n);\nvar is_image = map.is_image_map;\nif (marker_options.draggable) {\n    marker.on('dragend', function () {\n        var latlng = this.getLatLng();\n        var lat = latlng.lat;\n        var lng = latlng.lng;\n        if (is_image) {\n            console.log('leaflet-marker y=' + lat + ' x=' + lng);\n        } else {\n            console.log('leaflet-marker lat=' + lat + ' lng=' + lng);\n        }\n    });\n}\nmarker.addTo( group );\nmarker.bindPopup(window.WPLeafletMapPlugin.unescape('Saint Cyprien'));window.WPLeafletMapPlugin.markers.push( marker );\n        });<\/script>\n<script>\nwindow.WPLeafletMapPlugin = window.WPLeafletMapPlugin || [];\nwindow.WPLeafletMapPlugin.push(function WPLeafletMarkerShortcode() {\/*<script>*\/\nvar map = window.WPLeafletMapPlugin.getCurrentMap();\nvar group = window.WPLeafletMapPlugin.getCurrentGroup();\nvar marker_options = window.WPLeafletMapPlugin.getIconOptions({});\nvar marker = L.marker(\n    [44.802509307861,1.2042771577835],\n    marker_options\n);\nvar is_image = map.is_image_map;\nif (marker_options.draggable) {\n    marker.on('dragend', function () {\n        var latlng = this.getLatLng();\n        var lat = latlng.lat;\n        var lng = latlng.lng;\n        if (is_image) {\n            console.log('leaflet-marker y=' + lat + ' x=' + lng);\n        } else {\n            console.log('leaflet-marker lat=' + lat + ' lng=' + lng);\n        }\n    });\n}\nmarker.addTo( group );\nmarker.bindPopup(window.WPLeafletMapPlugin.unescape('C\u00e9nac et St Julien'));window.WPLeafletMapPlugin.markers.push( marker );\n        });<\/script>\n<\/div>\n\t\t\t\t\t\t<\/div>\n\t\t\t\t<div class=\"elementor-element elementor-element-703cd17 elementor-widget elementor-widget-text-editor\" data-id=\"703cd17\" data-element_type=\"widget\" data-e-type=\"widget\" data-widget_type=\"text-editor.default\">\n\t\t\t\t\t\t\t\t\t<p>Onze agentschappen bevinden zich aan de samenvloeiing van twee rivieren, de Dordogne en de V\u00e9z\u00e8re, in het hart van de P\u00e9rigord. Onze prachtige regio onderscheidt zich door haar ongelooflijk rijke historische, architecturale en gastronomische erfgoed en geniet van een uitzonderlijk goed bewaarde natuurlijke omgeving. <\/p><p>Het aantal historische monumenten is na Parijs het grootste in Frankrijk. De gastronomie van de P\u00e9rigord, die wereldwijd bekend staat om de kwaliteit van haar producten, draagt bij aan de legendarische levenskwaliteit van Nouvelle-Aquitaine. <\/p><p>Het is een regio waar het zowel in de winter als in de zomer goed toeven is. De economische en toeristische activiteit bloeit, halverwege tussen Bordeaux en Brive, met behoud van de cultuur, tradities en ambachten, in een rustige omgeving en een ongerepte natuur. <\/p>\t\t\t\t\t\t\t\t<\/div>\n\t\t\t\t<div class=\"elementor-element elementor-element-d54863e elementor-widget elementor-widget-houzez_elementor_space\" data-id=\"d54863e\" data-element_type=\"widget\" data-e-type=\"widget\" data-widget_type=\"houzez_elementor_space.default\">\n\t\t\t\t<div class=\"elementor-widget-container\">\n\t\t\t\t\t        <div class=\"houzez-spacer\">\n            <div class=\"houzez-spacer-inner\"><\/div>\n        <\/div>\n        \t\t\t\t<\/div>\n\t\t\t\t<\/div>\n\t\t\t\t\t<\/div>\n\t\t\t\t<\/div>\n\t\t\t\t<\/div>\n\t\t","protected":false},"excerpt":{"rendered":"<p>Neem contact met ons op Heeft u een vraag over een van onze producten of diensten? Wilt u dat wij contact met u opnemen? Vul dit formulier in, een van onze medewerkers neemt contact met u op. Voornaam Naam Telefoon Email Uw bericht Ik ga akkoord met de verwerking van mijn persoonsgegevens in overeenstemming met [&hellip;]<\/p>\n","protected":false},"author":3,"featured_media":0,"parent":0,"menu_order":0,"comment_status":"closed","ping_status":"closed","template":"elementor_header_footer","meta":{"footnotes":""},"class_list":["post-16062","page","type-page","status-publish","hentry"],"yoast_head":"<!-- This site is optimized with the Yoast SEO plugin v27.4 - https:\/\/yoast.com\/product\/yoast-seo-wordpress\/ -->\n<title>Contact | Immobilier International Agency<\/title>\n<meta name=\"robots\" content=\"index, follow, max-snippet:-1, max-image-preview:large, max-video-preview:-1\" \/>\n<link rel=\"canonical\" href=\"https:\/\/www.interimmoagency.com\/nl\/contact\/\" \/>\n<meta property=\"og:locale\" content=\"nl_NL\" \/>\n<meta property=\"og:type\" content=\"article\" \/>\n<meta property=\"og:title\" content=\"Contact | Immobilier International Agency\" \/>\n<meta property=\"og:description\" content=\"Neem contact met ons op Heeft u een vraag over een van onze producten of diensten? Wilt u dat wij contact met u opnemen? Vul dit formulier in, een van onze medewerkers neemt contact met u op. Voornaam Naam Telefoon Email Uw bericht Ik ga akkoord met de verwerking van mijn persoonsgegevens in overeenstemming met [&hellip;]\" \/>\n<meta property=\"og:url\" content=\"https:\/\/www.interimmoagency.com\/nl\/contact\/\" \/>\n<meta property=\"og:site_name\" content=\"Immobilier International Agency\" \/>\n<meta property=\"article:publisher\" content=\"https:\/\/www.facebook.com\/interimmoagency\" \/>\n<meta property=\"article:modified_time\" content=\"2026-01-29T20:06:35+00:00\" \/>\n<meta property=\"og:image\" content=\"https:\/\/www.interimmoagency.com\/wp-content\/uploads\/2025\/11\/Logo-Immobilier-International-Agency-beige-1.png\" \/>\n<meta name=\"twitter:card\" content=\"summary_large_image\" \/>\n<meta name=\"twitter:label1\" content=\"Geschatte leestijd\" \/>\n\t<meta name=\"twitter:data1\" content=\"2 minuten\" \/>\n<script type=\"application\/ld+json\" class=\"yoast-schema-graph\">{\"@context\":\"https:\\\/\\\/schema.org\",\"@graph\":[{\"@type\":\"WebPage\",\"@id\":\"https:\\\/\\\/www.interimmoagency.com\\\/nl\\\/contact\\\/\",\"url\":\"https:\\\/\\\/www.interimmoagency.com\\\/nl\\\/contact\\\/\",\"name\":\"Contact | Immobilier International Agency\",\"isPartOf\":{\"@id\":\"https:\\\/\\\/www.interimmoagency.com\\\/nl\\\/#website\"},\"primaryImageOfPage\":{\"@id\":\"https:\\\/\\\/www.interimmoagency.com\\\/nl\\\/contact\\\/#primaryimage\"},\"image\":{\"@id\":\"https:\\\/\\\/www.interimmoagency.com\\\/nl\\\/contact\\\/#primaryimage\"},\"thumbnailUrl\":\"https:\\\/\\\/www.interimmoagency.com\\\/wp-content\\\/uploads\\\/2025\\\/11\\\/Logo-Immobilier-International-Agency-beige-1.png\",\"datePublished\":\"2016-03-16T19:50:28+00:00\",\"dateModified\":\"2026-01-29T20:06:35+00:00\",\"breadcrumb\":{\"@id\":\"https:\\\/\\\/www.interimmoagency.com\\\/nl\\\/contact\\\/#breadcrumb\"},\"inLanguage\":\"nl-NL\",\"potentialAction\":[{\"@type\":\"ReadAction\",\"target\":[\"https:\\\/\\\/www.interimmoagency.com\\\/nl\\\/contact\\\/\"]}]},{\"@type\":\"ImageObject\",\"inLanguage\":\"nl-NL\",\"@id\":\"https:\\\/\\\/www.interimmoagency.com\\\/nl\\\/contact\\\/#primaryimage\",\"url\":\"https:\\\/\\\/www.interimmoagency.com\\\/wp-content\\\/uploads\\\/2025\\\/11\\\/Logo-Immobilier-International-Agency-beige-1.png\",\"contentUrl\":\"https:\\\/\\\/www.interimmoagency.com\\\/wp-content\\\/uploads\\\/2025\\\/11\\\/Logo-Immobilier-International-Agency-beige-1.png\"},{\"@type\":\"BreadcrumbList\",\"@id\":\"https:\\\/\\\/www.interimmoagency.com\\\/nl\\\/contact\\\/#breadcrumb\",\"itemListElement\":[{\"@type\":\"ListItem\",\"position\":1,\"name\":\"Startpagina\",\"item\":\"https:\\\/\\\/www.interimmoagency.com\\\/nl\\\/\"},{\"@type\":\"ListItem\",\"position\":2,\"name\":\"Contact\"}]},{\"@type\":\"WebSite\",\"@id\":\"https:\\\/\\\/www.interimmoagency.com\\\/nl\\\/#website\",\"url\":\"https:\\\/\\\/www.interimmoagency.com\\\/nl\\\/\",\"name\":\"L'Immobilier International Agency\",\"description\":\"Votre agence immobili\u00e8re en Dordogne &amp; P\u00e9rigord\",\"publisher\":{\"@id\":\"https:\\\/\\\/www.interimmoagency.com\\\/nl\\\/#organization\"},\"potentialAction\":[{\"@type\":\"SearchAction\",\"target\":{\"@type\":\"EntryPoint\",\"urlTemplate\":\"https:\\\/\\\/www.interimmoagency.com\\\/nl\\\/?s={search_term_string}\"},\"query-input\":{\"@type\":\"PropertyValueSpecification\",\"valueRequired\":true,\"valueName\":\"search_term_string\"}}],\"inLanguage\":\"nl-NL\"},{\"@type\":\"Organization\",\"@id\":\"https:\\\/\\\/www.interimmoagency.com\\\/nl\\\/#organization\",\"name\":\"Immobilier International Agency\",\"url\":\"https:\\\/\\\/www.interimmoagency.com\\\/nl\\\/\",\"logo\":{\"@type\":\"ImageObject\",\"inLanguage\":\"nl-NL\",\"@id\":\"https:\\\/\\\/www.interimmoagency.com\\\/nl\\\/#\\\/schema\\\/logo\\\/image\\\/\",\"url\":\"https:\\\/\\\/www.interimmoagency.com\\\/wp-content\\\/uploads\\\/2025\\\/12\\\/L-Immobilier-International-Agency-logo-pt.png\",\"contentUrl\":\"https:\\\/\\\/www.interimmoagency.com\\\/wp-content\\\/uploads\\\/2025\\\/12\\\/L-Immobilier-International-Agency-logo-pt.png\",\"width\":500,\"height\":303,\"caption\":\"Immobilier International Agency\"},\"image\":{\"@id\":\"https:\\\/\\\/www.interimmoagency.com\\\/nl\\\/#\\\/schema\\\/logo\\\/image\\\/\"},\"sameAs\":[\"https:\\\/\\\/www.facebook.com\\\/interimmoagency\",\"https:\\\/\\\/www.linkedin.com\\\/company\\\/val-ville-immobilier\\\/\"]}]}<\/script>\n<!-- \/ Yoast SEO plugin. -->","yoast_head_json":{"title":"Contact | Immobilier International Agency","robots":{"index":"index","follow":"follow","max-snippet":"max-snippet:-1","max-image-preview":"max-image-preview:large","max-video-preview":"max-video-preview:-1"},"canonical":"https:\/\/www.interimmoagency.com\/nl\/contact\/","og_locale":"nl_NL","og_type":"article","og_title":"Contact | Immobilier International Agency","og_description":"Neem contact met ons op Heeft u een vraag over een van onze producten of diensten? Wilt u dat wij contact met u opnemen? Vul dit formulier in, een van onze medewerkers neemt contact met u op. Voornaam Naam Telefoon Email Uw bericht Ik ga akkoord met de verwerking van mijn persoonsgegevens in overeenstemming met [&hellip;]","og_url":"https:\/\/www.interimmoagency.com\/nl\/contact\/","og_site_name":"Immobilier International Agency","article_publisher":"https:\/\/www.facebook.com\/interimmoagency","article_modified_time":"2026-01-29T20:06:35+00:00","og_image":[{"url":"https:\/\/www.interimmoagency.com\/wp-content\/uploads\/2025\/11\/Logo-Immobilier-International-Agency-beige-1.png","type":"","width":"","height":""}],"twitter_card":"summary_large_image","twitter_misc":{"Geschatte leestijd":"2 minuten"},"schema":{"@context":"https:\/\/schema.org","@graph":[{"@type":"WebPage","@id":"https:\/\/www.interimmoagency.com\/nl\/contact\/","url":"https:\/\/www.interimmoagency.com\/nl\/contact\/","name":"Contact | Immobilier International Agency","isPartOf":{"@id":"https:\/\/www.interimmoagency.com\/nl\/#website"},"primaryImageOfPage":{"@id":"https:\/\/www.interimmoagency.com\/nl\/contact\/#primaryimage"},"image":{"@id":"https:\/\/www.interimmoagency.com\/nl\/contact\/#primaryimage"},"thumbnailUrl":"https:\/\/www.interimmoagency.com\/wp-content\/uploads\/2025\/11\/Logo-Immobilier-International-Agency-beige-1.png","datePublished":"2016-03-16T19:50:28+00:00","dateModified":"2026-01-29T20:06:35+00:00","breadcrumb":{"@id":"https:\/\/www.interimmoagency.com\/nl\/contact\/#breadcrumb"},"inLanguage":"nl-NL","potentialAction":[{"@type":"ReadAction","target":["https:\/\/www.interimmoagency.com\/nl\/contact\/"]}]},{"@type":"ImageObject","inLanguage":"nl-NL","@id":"https:\/\/www.interimmoagency.com\/nl\/contact\/#primaryimage","url":"https:\/\/www.interimmoagency.com\/wp-content\/uploads\/2025\/11\/Logo-Immobilier-International-Agency-beige-1.png","contentUrl":"https:\/\/www.interimmoagency.com\/wp-content\/uploads\/2025\/11\/Logo-Immobilier-International-Agency-beige-1.png"},{"@type":"BreadcrumbList","@id":"https:\/\/www.interimmoagency.com\/nl\/contact\/#breadcrumb","itemListElement":[{"@type":"ListItem","position":1,"name":"Startpagina","item":"https:\/\/www.interimmoagency.com\/nl\/"},{"@type":"ListItem","position":2,"name":"Contact"}]},{"@type":"WebSite","@id":"https:\/\/www.interimmoagency.com\/nl\/#website","url":"https:\/\/www.interimmoagency.com\/nl\/","name":"L'Immobilier International Agency","description":"Votre agence immobili\u00e8re en Dordogne &amp; P\u00e9rigord","publisher":{"@id":"https:\/\/www.interimmoagency.com\/nl\/#organization"},"potentialAction":[{"@type":"SearchAction","target":{"@type":"EntryPoint","urlTemplate":"https:\/\/www.interimmoagency.com\/nl\/?s={search_term_string}"},"query-input":{"@type":"PropertyValueSpecification","valueRequired":true,"valueName":"search_term_string"}}],"inLanguage":"nl-NL"},{"@type":"Organization","@id":"https:\/\/www.interimmoagency.com\/nl\/#organization","name":"Immobilier International Agency","url":"https:\/\/www.interimmoagency.com\/nl\/","logo":{"@type":"ImageObject","inLanguage":"nl-NL","@id":"https:\/\/www.interimmoagency.com\/nl\/#\/schema\/logo\/image\/","url":"https:\/\/www.interimmoagency.com\/wp-content\/uploads\/2025\/12\/L-Immobilier-International-Agency-logo-pt.png","contentUrl":"https:\/\/www.interimmoagency.com\/wp-content\/uploads\/2025\/12\/L-Immobilier-International-Agency-logo-pt.png","width":500,"height":303,"caption":"Immobilier International Agency"},"image":{"@id":"https:\/\/www.interimmoagency.com\/nl\/#\/schema\/logo\/image\/"},"sameAs":["https:\/\/www.facebook.com\/interimmoagency","https:\/\/www.linkedin.com\/company\/val-ville-immobilier\/"]}]}},"_links":{"self":[{"href":"https:\/\/www.interimmoagency.com\/nl\/wp-json\/wp\/v2\/pages\/16062","targetHints":{"allow":["GET"]}}],"collection":[{"href":"https:\/\/www.interimmoagency.com\/nl\/wp-json\/wp\/v2\/pages"}],"about":[{"href":"https:\/\/www.interimmoagency.com\/nl\/wp-json\/wp\/v2\/types\/page"}],"author":[{"embeddable":true,"href":"https:\/\/www.interimmoagency.com\/nl\/wp-json\/wp\/v2\/users\/3"}],"replies":[{"embeddable":true,"href":"https:\/\/www.interimmoagency.com\/nl\/wp-json\/wp\/v2\/comments?post=16062"}],"version-history":[{"count":8,"href":"https:\/\/www.interimmoagency.com\/nl\/wp-json\/wp\/v2\/pages\/16062\/revisions"}],"predecessor-version":[{"id":22039,"href":"https:\/\/www.interimmoagency.com\/nl\/wp-json\/wp\/v2\/pages\/16062\/revisions\/22039"}],"wp:attachment":[{"href":"https:\/\/www.interimmoagency.com\/nl\/wp-json\/wp\/v2\/media?parent=16062"}],"curies":[{"name":"wp","href":"https:\/\/api.w.org\/{rel}","templated":true}]}}