{"id":22819,"date":"2026-04-09T11:03:27","date_gmt":"2026-04-09T11:03:27","guid":{"rendered":"https:\/\/www.interimmoagency.com\/bien\/te-koop-maison-avec-gite-saint-felix-de-villadeix\/"},"modified":"2026-04-28T01:50:12","modified_gmt":"2026-04-28T01:50:12","slug":"te-koop-maison-avec-gite-saint-felix-de-villadeix","status":"publish","type":"property","link":"https:\/\/www.interimmoagency.com\/nl\/woning\/te-koop-maison-avec-gite-saint-felix-de-villadeix\/","title":{"rendered":"Te koop HUIS MET GITE SAINT-FELIX-DE-VILLADEIX"},"content":{"rendered":"\n<p>Huis met g\u00eete in de P\u00e9rigord Noir<br>Deze woning uit 1983 ligt in een rustige en groene omgeving in de P\u00e9rigord-Noir en bestaat uit een harmonieus geheel van een hoofdwoning, een vrijstaand gastenverblijf en diverse bijgebouwen, gelegen op een prachtig terrein van 6839 m\u00b2 niet ver van Le Bugue met alle voorzieningen, Paunat en Sainte-Alv\u00e8re.<br>Het hoofdgebouw \u0096 ongeveer 139 m\u00b2 woonoppervlak<br>Begane grond: prachtige woonkamer van 49 m\u00b2 met open haard, gezellige en vriendelijke ruimte, open keuken van 12 m\u00b2 met achterkeuken van 10 m\u00b2, kleine hal, twee badkamers met toilet, slaapkamer van 13 m\u00b2, twee kelders\/bijkeukens met een totale oppervlakte van ongeveer 23 m\u00b2.<br>Verdieping: mezzanine van 11 m\u00b2, ideaal als kantoor of leesruimte, en slaapkamer met inbouwkast van 12 m\u00b2 en toegang tot het romantische balkon.<br>Bijgebouwen en aanbouwen: aangrenzende garage (ongeveer 27 m\u00b2) en schuur voor het opslaan van hout (ongeveer 25 m\u00b2)<br>Onafhankelijke g\u00eete van ongeveer met woonkamer met keukenhoek, badkamer met toilet, mezzanine slaapkamer<br>Een echte troef voor een toeristisch project of om familie en vrienden in alle onafhankelijkheid te ontvangen.<br>Comfort  et uitrusting: Verwarming door houtkachel \/ pellets, individuele elektrische keramische radiatoren, twee septic tanks<\/p>\n","protected":false},"excerpt":{"rendered":"<p>Huis met g\u00eete in de P\u00e9rigord NoirDeze woning uit 1983 ligt in een rustige en groene omgeving in de P\u00e9rigord-Noir en bestaat uit een harmonieus geheel van een hoofdwoning, een vrijstaand gastenverblijf en diverse bijgebouwen, gelegen op een prachtig terrein van 6839 m\u00b2 niet ver van Le Bugue met alle voorzieningen, Paunat en Sainte-Alv\u00e8re.Het hoofdgebouw [&hellip;]<\/p>\n","protected":false},"author":3,"featured_media":22820,"parent":0,"menu_order":0,"template":"","property_type":[200,67],"property_status":[68,196],"property_feature":[],"property_label":[],"property_city":[69,214],"class_list":["post-22819","property","type-property","status-publish","has-post-thumbnail","hentry","property_type-huis","property_type-maison","property_status-vente-de-bien","property_status-te-koop","property_city-sainte-alvere"],"property_meta":{"_wp_page_template":["default"],"copied_media_ids":["a:0:{}"],"referenced_media_ids":["a:0:{}"],"fave_property_map":["1"],"fave_featured":["0"],"houzez_featured_listing_date":[""],"fave_prop_homeslider":["no"],"floor_plans":["a:0:{}"],"fave_multi_units":["a:0:{}"],"additional_features":["a:0:{}"],"fave_property_price":["399000"],"fave_property_price_postfix":["HAI"],"fave_property_size":["160"],"fave_property_land":["6839"],"fave_property_bedrooms":["3"],"fave_property_bathrooms":["3"],"fave_property_rooms":["9"],"fave_property_garage":["-1"],"fave_property_year":["0"],"fave_property_id":["C7265L"],"fave_property_zip":["24510"],"fave_property_images":["22784","22785","22786","22787","22788","22789","22790","22791","22792","22793","22794","22795","22796","22797","22798","22799","22800"],"fave_agent_display_option":["agent_info"],"fave_agents":["4515"],"fave_property_agency":["5949"],"fave_energy_class":["E"],"fave_energy_global_index":["306"],"fave_ghg_emissions_class":["B"],"fave_ghg_emissions_index":["9"],"fave_taxe-foncic3a8re":["0 \u20ac"],"_wpml_word_count":["221"],"houzez_recently_viewed":["2026-04-28 17:07:11"],"_edit_last":["3"],"_edit_lock":["1772743406:3"],"_wpml_media_has_media":["1"],"fave_property_map_address":["24510 SAINTE ALVERE"],"houzez_geolocation_lat":[""],"houzez_geolocation_long":[""],"is_exclusive":["SIMPLE"],"fave_property_location":[","],"_thumbnail_id":["22820"],"houzez_total_property_views":["5"],"houzez_views_by_date":["a:1:{s:10:\"04-28-2026\";i:5;}"],"_elementor_page_assets":["a:0:{}"]},"yoast_head":"<!-- This site is optimized with the Yoast SEO plugin v27.4 - https:\/\/yoast.com\/product\/yoast-seo-wordpress\/ -->\n<title>Te koop HUIS MET GITE SAINT-FELIX-DE-VILLADEIX | Immobilier International Agency<\/title>\n<meta name=\"robots\" content=\"index, follow, max-snippet:-1, max-image-preview:large, max-video-preview:-1\" \/>\n<link rel=\"canonical\" href=\"https:\/\/www.interimmoagency.com\/nl\/woning\/te-koop-maison-avec-gite-saint-felix-de-villadeix\/\" \/>\n<meta property=\"og:locale\" content=\"nl_NL\" \/>\n<meta property=\"og:type\" content=\"article\" \/>\n<meta property=\"og:title\" content=\"Te koop HUIS MET GITE SAINT-FELIX-DE-VILLADEIX | Immobilier International Agency\" \/>\n<meta property=\"og:description\" content=\"Huis met g\u00eete in de P\u00e9rigord NoirDeze woning uit 1983 ligt in een rustige en groene omgeving in de P\u00e9rigord-Noir en bestaat uit een harmonieus geheel van een hoofdwoning, een vrijstaand gastenverblijf en diverse bijgebouwen, gelegen op een prachtig terrein van 6839 m\u00b2 niet ver van Le Bugue met alle voorzieningen, Paunat en Sainte-Alv\u00e8re.Het hoofdgebouw [&hellip;]\" \/>\n<meta property=\"og:url\" content=\"https:\/\/www.interimmoagency.com\/nl\/woning\/te-koop-maison-avec-gite-saint-felix-de-villadeix\/\" \/>\n<meta property=\"og:site_name\" content=\"Immobilier International Agency\" \/>\n<meta property=\"article:publisher\" content=\"https:\/\/www.facebook.com\/interimmoagency\" \/>\n<meta property=\"article:modified_time\" content=\"2026-04-28T01:50:12+00:00\" \/>\n<meta property=\"og:image\" content=\"https:\/\/www.interimmoagency.com\/wp-content\/uploads\/2026\/03\/101668.jpg\" \/>\n\t<meta property=\"og:image:width\" content=\"800\" \/>\n\t<meta property=\"og:image:height\" content=\"512\" \/>\n\t<meta property=\"og:image:type\" content=\"image\/jpeg\" \/>\n<meta name=\"twitter:card\" content=\"summary_large_image\" \/>\n<meta name=\"twitter:label1\" content=\"Geschatte leestijd\" \/>\n\t<meta name=\"twitter:data1\" content=\"1 minuut\" \/>\n<script type=\"application\/ld+json\" class=\"yoast-schema-graph\">{\"@context\":\"https:\\\/\\\/schema.org\",\"@graph\":[{\"@type\":\"WebPage\",\"@id\":\"https:\\\/\\\/www.interimmoagency.com\\\/nl\\\/woning\\\/te-koop-maison-avec-gite-saint-felix-de-villadeix\\\/\",\"url\":\"https:\\\/\\\/www.interimmoagency.com\\\/nl\\\/woning\\\/te-koop-maison-avec-gite-saint-felix-de-villadeix\\\/\",\"name\":\"Te koop HUIS MET GITE SAINT-FELIX-DE-VILLADEIX | Immobilier International Agency\",\"isPartOf\":{\"@id\":\"https:\\\/\\\/www.interimmoagency.com\\\/nl\\\/#website\"},\"primaryImageOfPage\":{\"@id\":\"https:\\\/\\\/www.interimmoagency.com\\\/nl\\\/woning\\\/te-koop-maison-avec-gite-saint-felix-de-villadeix\\\/#primaryimage\"},\"image\":{\"@id\":\"https:\\\/\\\/www.interimmoagency.com\\\/nl\\\/woning\\\/te-koop-maison-avec-gite-saint-felix-de-villadeix\\\/#primaryimage\"},\"thumbnailUrl\":\"https:\\\/\\\/www.interimmoagency.com\\\/wp-content\\\/uploads\\\/2026\\\/03\\\/101668.jpg\",\"datePublished\":\"2026-04-09T11:03:27+00:00\",\"dateModified\":\"2026-04-28T01:50:12+00:00\",\"breadcrumb\":{\"@id\":\"https:\\\/\\\/www.interimmoagency.com\\\/nl\\\/woning\\\/te-koop-maison-avec-gite-saint-felix-de-villadeix\\\/#breadcrumb\"},\"inLanguage\":\"nl-NL\",\"potentialAction\":[{\"@type\":\"ReadAction\",\"target\":[\"https:\\\/\\\/www.interimmoagency.com\\\/nl\\\/woning\\\/te-koop-maison-avec-gite-saint-felix-de-villadeix\\\/\"]}]},{\"@type\":\"ImageObject\",\"inLanguage\":\"nl-NL\",\"@id\":\"https:\\\/\\\/www.interimmoagency.com\\\/nl\\\/woning\\\/te-koop-maison-avec-gite-saint-felix-de-villadeix\\\/#primaryimage\",\"url\":\"https:\\\/\\\/www.interimmoagency.com\\\/wp-content\\\/uploads\\\/2026\\\/03\\\/101668.jpg\",\"contentUrl\":\"https:\\\/\\\/www.interimmoagency.com\\\/wp-content\\\/uploads\\\/2026\\\/03\\\/101668.jpg\",\"width\":800,\"height\":512},{\"@type\":\"BreadcrumbList\",\"@id\":\"https:\\\/\\\/www.interimmoagency.com\\\/nl\\\/woning\\\/te-koop-maison-avec-gite-saint-felix-de-villadeix\\\/#breadcrumb\",\"itemListElement\":[{\"@type\":\"ListItem\",\"position\":1,\"name\":\"Startpagina\",\"item\":\"https:\\\/\\\/www.interimmoagency.com\\\/nl\\\/\"},{\"@type\":\"ListItem\",\"position\":2,\"name\":\"eigenschappen\",\"item\":\"https:\\\/\\\/www.interimmoagency.com\\\/nl\\\/woning\\\/\"},{\"@type\":\"ListItem\",\"position\":3,\"name\":\"Te koop HUIS MET GITE SAINT-FELIX-DE-VILLADEIX\"}]},{\"@type\":\"WebSite\",\"@id\":\"https:\\\/\\\/www.interimmoagency.com\\\/nl\\\/#website\",\"url\":\"https:\\\/\\\/www.interimmoagency.com\\\/nl\\\/\",\"name\":\"L'Immobilier International Agency\",\"description\":\"Votre agence immobili\u00e8re en Dordogne &amp; P\u00e9rigord\",\"publisher\":{\"@id\":\"https:\\\/\\\/www.interimmoagency.com\\\/nl\\\/#organization\"},\"potentialAction\":[{\"@type\":\"SearchAction\",\"target\":{\"@type\":\"EntryPoint\",\"urlTemplate\":\"https:\\\/\\\/www.interimmoagency.com\\\/nl\\\/?s={search_term_string}\"},\"query-input\":{\"@type\":\"PropertyValueSpecification\",\"valueRequired\":true,\"valueName\":\"search_term_string\"}}],\"inLanguage\":\"nl-NL\"},{\"@type\":\"Organization\",\"@id\":\"https:\\\/\\\/www.interimmoagency.com\\\/nl\\\/#organization\",\"name\":\"Immobilier International Agency\",\"url\":\"https:\\\/\\\/www.interimmoagency.com\\\/nl\\\/\",\"logo\":{\"@type\":\"ImageObject\",\"inLanguage\":\"nl-NL\",\"@id\":\"https:\\\/\\\/www.interimmoagency.com\\\/nl\\\/#\\\/schema\\\/logo\\\/image\\\/\",\"url\":\"https:\\\/\\\/www.interimmoagency.com\\\/wp-content\\\/uploads\\\/2025\\\/12\\\/L-Immobilier-International-Agency-logo-pt.png\",\"contentUrl\":\"https:\\\/\\\/www.interimmoagency.com\\\/wp-content\\\/uploads\\\/2025\\\/12\\\/L-Immobilier-International-Agency-logo-pt.png\",\"width\":500,\"height\":303,\"caption\":\"Immobilier International Agency\"},\"image\":{\"@id\":\"https:\\\/\\\/www.interimmoagency.com\\\/nl\\\/#\\\/schema\\\/logo\\\/image\\\/\"},\"sameAs\":[\"https:\\\/\\\/www.facebook.com\\\/interimmoagency\",\"https:\\\/\\\/www.linkedin.com\\\/company\\\/val-ville-immobilier\\\/\"]}]}<\/script>\n<!-- \/ Yoast SEO plugin. -->","yoast_head_json":{"title":"Te koop HUIS MET GITE SAINT-FELIX-DE-VILLADEIX | Immobilier International Agency","robots":{"index":"index","follow":"follow","max-snippet":"max-snippet:-1","max-image-preview":"max-image-preview:large","max-video-preview":"max-video-preview:-1"},"canonical":"https:\/\/www.interimmoagency.com\/nl\/woning\/te-koop-maison-avec-gite-saint-felix-de-villadeix\/","og_locale":"nl_NL","og_type":"article","og_title":"Te koop HUIS MET GITE SAINT-FELIX-DE-VILLADEIX | Immobilier International Agency","og_description":"Huis met g\u00eete in de P\u00e9rigord NoirDeze woning uit 1983 ligt in een rustige en groene omgeving in de P\u00e9rigord-Noir en bestaat uit een harmonieus geheel van een hoofdwoning, een vrijstaand gastenverblijf en diverse bijgebouwen, gelegen op een prachtig terrein van 6839 m\u00b2 niet ver van Le Bugue met alle voorzieningen, Paunat en Sainte-Alv\u00e8re.Het hoofdgebouw [&hellip;]","og_url":"https:\/\/www.interimmoagency.com\/nl\/woning\/te-koop-maison-avec-gite-saint-felix-de-villadeix\/","og_site_name":"Immobilier International Agency","article_publisher":"https:\/\/www.facebook.com\/interimmoagency","article_modified_time":"2026-04-28T01:50:12+00:00","og_image":[{"width":800,"height":512,"url":"https:\/\/www.interimmoagency.com\/wp-content\/uploads\/2026\/03\/101668.jpg","type":"image\/jpeg"}],"twitter_card":"summary_large_image","twitter_misc":{"Geschatte leestijd":"1 minuut"},"schema":{"@context":"https:\/\/schema.org","@graph":[{"@type":"WebPage","@id":"https:\/\/www.interimmoagency.com\/nl\/woning\/te-koop-maison-avec-gite-saint-felix-de-villadeix\/","url":"https:\/\/www.interimmoagency.com\/nl\/woning\/te-koop-maison-avec-gite-saint-felix-de-villadeix\/","name":"Te koop HUIS MET GITE SAINT-FELIX-DE-VILLADEIX | Immobilier International Agency","isPartOf":{"@id":"https:\/\/www.interimmoagency.com\/nl\/#website"},"primaryImageOfPage":{"@id":"https:\/\/www.interimmoagency.com\/nl\/woning\/te-koop-maison-avec-gite-saint-felix-de-villadeix\/#primaryimage"},"image":{"@id":"https:\/\/www.interimmoagency.com\/nl\/woning\/te-koop-maison-avec-gite-saint-felix-de-villadeix\/#primaryimage"},"thumbnailUrl":"https:\/\/www.interimmoagency.com\/wp-content\/uploads\/2026\/03\/101668.jpg","datePublished":"2026-04-09T11:03:27+00:00","dateModified":"2026-04-28T01:50:12+00:00","breadcrumb":{"@id":"https:\/\/www.interimmoagency.com\/nl\/woning\/te-koop-maison-avec-gite-saint-felix-de-villadeix\/#breadcrumb"},"inLanguage":"nl-NL","potentialAction":[{"@type":"ReadAction","target":["https:\/\/www.interimmoagency.com\/nl\/woning\/te-koop-maison-avec-gite-saint-felix-de-villadeix\/"]}]},{"@type":"ImageObject","inLanguage":"nl-NL","@id":"https:\/\/www.interimmoagency.com\/nl\/woning\/te-koop-maison-avec-gite-saint-felix-de-villadeix\/#primaryimage","url":"https:\/\/www.interimmoagency.com\/wp-content\/uploads\/2026\/03\/101668.jpg","contentUrl":"https:\/\/www.interimmoagency.com\/wp-content\/uploads\/2026\/03\/101668.jpg","width":800,"height":512},{"@type":"BreadcrumbList","@id":"https:\/\/www.interimmoagency.com\/nl\/woning\/te-koop-maison-avec-gite-saint-felix-de-villadeix\/#breadcrumb","itemListElement":[{"@type":"ListItem","position":1,"name":"Startpagina","item":"https:\/\/www.interimmoagency.com\/nl\/"},{"@type":"ListItem","position":2,"name":"eigenschappen","item":"https:\/\/www.interimmoagency.com\/nl\/woning\/"},{"@type":"ListItem","position":3,"name":"Te koop HUIS MET GITE SAINT-FELIX-DE-VILLADEIX"}]},{"@type":"WebSite","@id":"https:\/\/www.interimmoagency.com\/nl\/#website","url":"https:\/\/www.interimmoagency.com\/nl\/","name":"L'Immobilier International Agency","description":"Votre agence immobili\u00e8re en Dordogne &amp; P\u00e9rigord","publisher":{"@id":"https:\/\/www.interimmoagency.com\/nl\/#organization"},"potentialAction":[{"@type":"SearchAction","target":{"@type":"EntryPoint","urlTemplate":"https:\/\/www.interimmoagency.com\/nl\/?s={search_term_string}"},"query-input":{"@type":"PropertyValueSpecification","valueRequired":true,"valueName":"search_term_string"}}],"inLanguage":"nl-NL"},{"@type":"Organization","@id":"https:\/\/www.interimmoagency.com\/nl\/#organization","name":"Immobilier International Agency","url":"https:\/\/www.interimmoagency.com\/nl\/","logo":{"@type":"ImageObject","inLanguage":"nl-NL","@id":"https:\/\/www.interimmoagency.com\/nl\/#\/schema\/logo\/image\/","url":"https:\/\/www.interimmoagency.com\/wp-content\/uploads\/2025\/12\/L-Immobilier-International-Agency-logo-pt.png","contentUrl":"https:\/\/www.interimmoagency.com\/wp-content\/uploads\/2025\/12\/L-Immobilier-International-Agency-logo-pt.png","width":500,"height":303,"caption":"Immobilier International Agency"},"image":{"@id":"https:\/\/www.interimmoagency.com\/nl\/#\/schema\/logo\/image\/"},"sameAs":["https:\/\/www.facebook.com\/interimmoagency","https:\/\/www.linkedin.com\/company\/val-ville-immobilier\/"]}]}},"_links":{"self":[{"href":"https:\/\/www.interimmoagency.com\/nl\/wp-json\/wp\/v2\/properties\/22819","targetHints":{"allow":["GET"]}}],"collection":[{"href":"https:\/\/www.interimmoagency.com\/nl\/wp-json\/wp\/v2\/properties"}],"about":[{"href":"https:\/\/www.interimmoagency.com\/nl\/wp-json\/wp\/v2\/types\/property"}],"author":[{"embeddable":true,"href":"https:\/\/www.interimmoagency.com\/nl\/wp-json\/wp\/v2\/users\/3"}],"version-history":[{"count":1,"href":"https:\/\/www.interimmoagency.com\/nl\/wp-json\/wp\/v2\/properties\/22819\/revisions"}],"predecessor-version":[{"id":22843,"href":"https:\/\/www.interimmoagency.com\/nl\/wp-json\/wp\/v2\/properties\/22819\/revisions\/22843"}],"wp:featuredmedia":[{"embeddable":true,"href":"https:\/\/www.interimmoagency.com\/nl\/wp-json\/wp\/v2\/media\/22820"}],"wp:attachment":[{"href":"https:\/\/www.interimmoagency.com\/nl\/wp-json\/wp\/v2\/media?parent=22819"}],"wp:term":[{"taxonomy":"property_type","embeddable":true,"href":"https:\/\/www.interimmoagency.com\/nl\/wp-json\/wp\/v2\/property_type?post=22819"},{"taxonomy":"property_status","embeddable":true,"href":"https:\/\/www.interimmoagency.com\/nl\/wp-json\/wp\/v2\/property_status?post=22819"},{"taxonomy":"property_feature","embeddable":true,"href":"https:\/\/www.interimmoagency.com\/nl\/wp-json\/wp\/v2\/property_feature?post=22819"},{"taxonomy":"property_label","embeddable":true,"href":"https:\/\/www.interimmoagency.com\/nl\/wp-json\/wp\/v2\/property_label?post=22819"},{"taxonomy":"property_city","embeddable":true,"href":"https:\/\/www.interimmoagency.com\/nl\/wp-json\/wp\/v2\/property_city?post=22819"}],"curies":[{"name":"wp","href":"https:\/\/api.w.org\/{rel}","templated":true}]}}